{"id":107,"date":"2018-02-06T08:44:12","date_gmt":"2018-02-06T08:44:12","guid":{"rendered":"http:\/\/demo.sparklewpthemes.com\/kingcabspro\/?page_id=107"},"modified":"2019-04-20T23:50:39","modified_gmt":"2019-04-20T23:50:39","slug":"evenements","status":"publish","type":"page","link":"https:\/\/transportprive.ch\/index.php\/evenements\/","title":{"rendered":"\u00c9v\u00e8nements, soir\u00e9es"},"content":{"rendered":"\n<h2 class=\"wp-block-heading\"><strong>Un repas entre amis, un concert&#8230;<\/strong><\/h2>\n\n\n<p>Pour un repas entre amis, un concert, une sortie cin\u00e9ma\u2026<\/p>\n<p>Nous vous proposons des prix sp\u00e9ciaux pour vos sorties en ville.<\/p>\n<p>Vous avez envie d\u2019une sortie en ville en toute s\u00e9curit\u00e9?<\/p>\n<p>Aucun soucis\u2026 <br>faites la f\u00eate, dansez, buvez, amusez-vous\u2026 <br>Notre chauffeur vous d\u00e9posera et vous reprendra \u00e0 l\u2019endroit et \u00e0 l\u2019heure de votre choix.<\/p>\n<div class=\"sparkle_call_to_action clearfix left\"><div class=\"sparkle_call_to_action_content\">Nous restons \u00e0 votre de disposition pour une demande de prix, des informations. R\u00e9servez par t\u00e9l\u00e9phone et fixez-nous la date et l&rsquo;heure de d\u00e9part.<\/div><a href=\"https:\/\/transportprive.ch\/index.php\/reservation\/\" class=\"sparkle_call_to_action_button\">R\u00e9servez<\/a><\/div>","protected":false},"excerpt":{"rendered":"<p>Un repas entre amis, un concert&#8230; Pour un repas entre amis, un concert, une sortie cin\u00e9ma\u2026 Nous vous proposons des prix sp\u00e9ciaux pour vos sorties en ville. Vous avez envie d\u2019une sortie en ville en toute s\u00e9curit\u00e9? Aucun soucis\u2026 faites la f\u00eate, dansez, buvez, amusez-vous\u2026 Notre chauffeur vous d\u00e9posera et vous reprendra \u00e0 l\u2019endroit et&#8230;<\/p>\n","protected":false},"author":2,"featured_media":99,"parent":0,"menu_order":0,"comment_status":"closed","ping_status":"closed","template":"","meta":{"footnotes":""},"class_list":["post-107","page","type-page","status-publish","has-post-thumbnail","hentry"],"yoast_head":"<!-- This site is optimized with the Yoast SEO plugin v28.3 - https:\/\/yoast.com\/product\/yoast-seo-wordpress\/ -->\n<title>\u00c9v\u00e8nements, soir\u00e9es -<\/title>\n<meta name=\"robots\" content=\"index, follow, max-snippet:-1, max-image-preview:large, max-video-preview:-1\" \/>\n<link rel=\"canonical\" href=\"https:\/\/transportprive.ch\/index.php\/evenements\/\" \/>\n<meta property=\"og:locale\" content=\"fr_FR\" \/>\n<meta property=\"og:type\" content=\"article\" \/>\n<meta property=\"og:title\" content=\"\u00c9v\u00e8nements, soir\u00e9es -\" \/>\n<meta property=\"og:url\" content=\"https:\/\/transportprive.ch\/index.php\/evenements\/\" \/>\n<meta property=\"article:modified_time\" content=\"2019-04-20T23:50:39+00:00\" \/>\n<meta property=\"og:image\" content=\"https:\/\/transportprive.ch\/wp-content\/uploads\/2018\/02\/pexels-photo-442540.jpeg\" \/>\n\t<meta property=\"og:image:width\" content=\"1280\" \/>\n\t<meta property=\"og:image:height\" content=\"854\" \/>\n\t<meta property=\"og:image:type\" content=\"image\/jpeg\" \/>\n<meta name=\"twitter:card\" content=\"summary_large_image\" \/>\n<meta name=\"twitter:label1\" content=\"Dur\u00e9e de lecture estim\u00e9e\" \/>\n\t<meta name=\"twitter:data1\" content=\"1 minute\" \/>\n<script type=\"application\/ld+json\" class=\"yoast-schema-graph\">{\"@context\":\"https:\\\/\\\/schema.org\",\"@graph\":[{\"@type\":\"WebPage\",\"@id\":\"https:\\\/\\\/transportprive.ch\\\/index.php\\\/evenements\\\/\",\"url\":\"https:\\\/\\\/transportprive.ch\\\/index.php\\\/evenements\\\/\",\"name\":\"\u00c9v\u00e8nements, soir\u00e9es -\",\"isPartOf\":{\"@id\":\"https:\\\/\\\/transportprive.ch\\\/#website\"},\"primaryImageOfPage\":{\"@id\":\"https:\\\/\\\/transportprive.ch\\\/index.php\\\/evenements\\\/#primaryimage\"},\"image\":{\"@id\":\"https:\\\/\\\/transportprive.ch\\\/index.php\\\/evenements\\\/#primaryimage\"},\"thumbnailUrl\":\"https:\\\/\\\/transportprive.ch\\\/wp-content\\\/uploads\\\/2018\\\/02\\\/pexels-photo-442540.jpeg\",\"datePublished\":\"2018-02-06T08:44:12+00:00\",\"dateModified\":\"2019-04-20T23:50:39+00:00\",\"breadcrumb\":{\"@id\":\"https:\\\/\\\/transportprive.ch\\\/index.php\\\/evenements\\\/#breadcrumb\"},\"inLanguage\":\"fr-FR\",\"potentialAction\":[{\"@type\":\"ReadAction\",\"target\":[\"https:\\\/\\\/transportprive.ch\\\/index.php\\\/evenements\\\/\"]}]},{\"@type\":\"ImageObject\",\"inLanguage\":\"fr-FR\",\"@id\":\"https:\\\/\\\/transportprive.ch\\\/index.php\\\/evenements\\\/#primaryimage\",\"url\":\"https:\\\/\\\/transportprive.ch\\\/wp-content\\\/uploads\\\/2018\\\/02\\\/pexels-photo-442540.jpeg\",\"contentUrl\":\"https:\\\/\\\/transportprive.ch\\\/wp-content\\\/uploads\\\/2018\\\/02\\\/pexels-photo-442540.jpeg\",\"width\":1280,\"height\":854},{\"@type\":\"BreadcrumbList\",\"@id\":\"https:\\\/\\\/transportprive.ch\\\/index.php\\\/evenements\\\/#breadcrumb\",\"itemListElement\":[{\"@type\":\"ListItem\",\"position\":1,\"name\":\"Accueil\",\"item\":\"https:\\\/\\\/transportprive.ch\\\/\"},{\"@type\":\"ListItem\",\"position\":2,\"name\":\"\u00c9v\u00e8nements, soir\u00e9es\"}]},{\"@type\":\"WebSite\",\"@id\":\"https:\\\/\\\/transportprive.ch\\\/#website\",\"url\":\"https:\\\/\\\/transportprive.ch\\\/\",\"name\":\"Transport priv\u00e9\",\"description\":\"Chauffeur priv\u00e9 \u00e0 votre service Lausanne et r\u00e9gion.\",\"publisher\":{\"@id\":\"https:\\\/\\\/transportprive.ch\\\/#organization\"},\"alternateName\":\"transportprive.ch\",\"potentialAction\":[{\"@type\":\"SearchAction\",\"target\":{\"@type\":\"EntryPoint\",\"urlTemplate\":\"https:\\\/\\\/transportprive.ch\\\/?s={search_term_string}\"},\"query-input\":{\"@type\":\"PropertyValueSpecification\",\"valueRequired\":true,\"valueName\":\"search_term_string\"}}],\"inLanguage\":\"fr-FR\"},{\"@type\":\"Organization\",\"@id\":\"https:\\\/\\\/transportprive.ch\\\/#organization\",\"name\":\"Chauffeur priv\u00e9 professionnel\",\"alternateName\":\"Transport priv\u00e9\",\"url\":\"https:\\\/\\\/transportprive.ch\\\/\",\"logo\":{\"@type\":\"ImageObject\",\"inLanguage\":\"fr-FR\",\"@id\":\"https:\\\/\\\/transportprive.ch\\\/#\\\/schema\\\/logo\\\/image\\\/\",\"url\":\"https:\\\/\\\/transportprive.ch\\\/wp-content\\\/uploads\\\/2023\\\/02\\\/cropped-logo-tp.png\",\"contentUrl\":\"https:\\\/\\\/transportprive.ch\\\/wp-content\\\/uploads\\\/2023\\\/02\\\/cropped-logo-tp.png\",\"width\":240,\"height\":90,\"caption\":\"Chauffeur priv\u00e9 professionnel\"},\"image\":{\"@id\":\"https:\\\/\\\/transportprive.ch\\\/#\\\/schema\\\/logo\\\/image\\\/\"}}]}<\/script>\n<!-- \/ Yoast SEO plugin. -->","yoast_head_json":{"title":"\u00c9v\u00e8nements, soir\u00e9es -","robots":{"index":"index","follow":"follow","max-snippet":"max-snippet:-1","max-image-preview":"max-image-preview:large","max-video-preview":"max-video-preview:-1"},"canonical":"https:\/\/transportprive.ch\/index.php\/evenements\/","og_locale":"fr_FR","og_type":"article","og_title":"\u00c9v\u00e8nements, soir\u00e9es -","og_url":"https:\/\/transportprive.ch\/index.php\/evenements\/","article_modified_time":"2019-04-20T23:50:39+00:00","og_image":[{"width":1280,"height":854,"url":"https:\/\/transportprive.ch\/wp-content\/uploads\/2018\/02\/pexels-photo-442540.jpeg","type":"image\/jpeg"}],"twitter_card":"summary_large_image","twitter_misc":{"Dur\u00e9e de lecture estim\u00e9e":"1 minute"},"schema":{"@context":"https:\/\/schema.org","@graph":[{"@type":"WebPage","@id":"https:\/\/transportprive.ch\/index.php\/evenements\/","url":"https:\/\/transportprive.ch\/index.php\/evenements\/","name":"\u00c9v\u00e8nements, soir\u00e9es -","isPartOf":{"@id":"https:\/\/transportprive.ch\/#website"},"primaryImageOfPage":{"@id":"https:\/\/transportprive.ch\/index.php\/evenements\/#primaryimage"},"image":{"@id":"https:\/\/transportprive.ch\/index.php\/evenements\/#primaryimage"},"thumbnailUrl":"https:\/\/transportprive.ch\/wp-content\/uploads\/2018\/02\/pexels-photo-442540.jpeg","datePublished":"2018-02-06T08:44:12+00:00","dateModified":"2019-04-20T23:50:39+00:00","breadcrumb":{"@id":"https:\/\/transportprive.ch\/index.php\/evenements\/#breadcrumb"},"inLanguage":"fr-FR","potentialAction":[{"@type":"ReadAction","target":["https:\/\/transportprive.ch\/index.php\/evenements\/"]}]},{"@type":"ImageObject","inLanguage":"fr-FR","@id":"https:\/\/transportprive.ch\/index.php\/evenements\/#primaryimage","url":"https:\/\/transportprive.ch\/wp-content\/uploads\/2018\/02\/pexels-photo-442540.jpeg","contentUrl":"https:\/\/transportprive.ch\/wp-content\/uploads\/2018\/02\/pexels-photo-442540.jpeg","width":1280,"height":854},{"@type":"BreadcrumbList","@id":"https:\/\/transportprive.ch\/index.php\/evenements\/#breadcrumb","itemListElement":[{"@type":"ListItem","position":1,"name":"Accueil","item":"https:\/\/transportprive.ch\/"},{"@type":"ListItem","position":2,"name":"\u00c9v\u00e8nements, soir\u00e9es"}]},{"@type":"WebSite","@id":"https:\/\/transportprive.ch\/#website","url":"https:\/\/transportprive.ch\/","name":"Transport priv\u00e9","description":"Chauffeur priv\u00e9 \u00e0 votre service Lausanne et r\u00e9gion.","publisher":{"@id":"https:\/\/transportprive.ch\/#organization"},"alternateName":"transportprive.ch","potentialAction":[{"@type":"SearchAction","target":{"@type":"EntryPoint","urlTemplate":"https:\/\/transportprive.ch\/?s={search_term_string}"},"query-input":{"@type":"PropertyValueSpecification","valueRequired":true,"valueName":"search_term_string"}}],"inLanguage":"fr-FR"},{"@type":"Organization","@id":"https:\/\/transportprive.ch\/#organization","name":"Chauffeur priv\u00e9 professionnel","alternateName":"Transport priv\u00e9","url":"https:\/\/transportprive.ch\/","logo":{"@type":"ImageObject","inLanguage":"fr-FR","@id":"https:\/\/transportprive.ch\/#\/schema\/logo\/image\/","url":"https:\/\/transportprive.ch\/wp-content\/uploads\/2023\/02\/cropped-logo-tp.png","contentUrl":"https:\/\/transportprive.ch\/wp-content\/uploads\/2023\/02\/cropped-logo-tp.png","width":240,"height":90,"caption":"Chauffeur priv\u00e9 professionnel"},"image":{"@id":"https:\/\/transportprive.ch\/#\/schema\/logo\/image\/"}}]}},"_links":{"self":[{"href":"https:\/\/transportprive.ch\/index.php\/wp-json\/wp\/v2\/pages\/107","targetHints":{"allow":["GET"]}}],"collection":[{"href":"https:\/\/transportprive.ch\/index.php\/wp-json\/wp\/v2\/pages"}],"about":[{"href":"https:\/\/transportprive.ch\/index.php\/wp-json\/wp\/v2\/types\/page"}],"author":[{"embeddable":true,"href":"https:\/\/transportprive.ch\/index.php\/wp-json\/wp\/v2\/users\/2"}],"replies":[{"embeddable":true,"href":"https:\/\/transportprive.ch\/index.php\/wp-json\/wp\/v2\/comments?post=107"}],"version-history":[{"count":6,"href":"https:\/\/transportprive.ch\/index.php\/wp-json\/wp\/v2\/pages\/107\/revisions"}],"predecessor-version":[{"id":2590,"href":"https:\/\/transportprive.ch\/index.php\/wp-json\/wp\/v2\/pages\/107\/revisions\/2590"}],"wp:featuredmedia":[{"embeddable":true,"href":"https:\/\/transportprive.ch\/index.php\/wp-json\/wp\/v2\/media\/99"}],"wp:attachment":[{"href":"https:\/\/transportprive.ch\/index.php\/wp-json\/wp\/v2\/media?parent=107"}],"curies":[{"name":"wp","href":"https:\/\/api.w.org\/{rel}","templated":true}]}}