{"id":2462,"date":"2019-04-20T13:47:40","date_gmt":"2019-04-20T13:47:40","guid":{"rendered":"https:\/\/transportprive.ch\/?page_id=2462"},"modified":"2019-04-20T23:22:05","modified_gmt":"2019-04-20T23:22:05","slug":"a-propos","status":"publish","type":"page","link":"https:\/\/transportprive.ch\/index.php\/a-propos\/","title":{"rendered":"A propos"},"content":{"rendered":"\n<h2 class=\"wp-block-heading\"><strong>Votre Chauffeur priv\u00e9 <\/strong><\/h2>\n\n\n\n<p class=\"wp-block-paragraph\">Transport Priv\u00e9 vous propose les services &nbsp;d\u2019un chauffeur VTC ind\u00e9pendant, op\u00e9rant entre la  Riviera &#8211; Lausanne &#8211; La C\u00f4te et Gen\u00e8ve A\u00e9roport.<\/p>\n\n\n\n<p class=\"wp-block-paragraph\">Toujours disponible avec un v\u00e9hicule de qualit\u00e9, propre et bien entretenu. Les clients sont les premiers satisfaits, toujours! Et un client satisfait est le but du service propos\u00e9.<\/p>\n\n\n\n<ul class=\"wp-block-list\"><li>Chauffeur professionnel ind\u00e9pendant, form\u00e9 et en possession du permis n\u00e9cessaire au transport professionnel de personnes.<\/li><li>Professionnel avec plusieurs ann\u00e9es d\u2019exp\u00e9rience et bons rapports qualit\u00e9\/prix sur le march\u00e9.<\/li><li>La qualit\u00e9 du service et la satisfaction des clients sont la principale priorit\u00e9.<\/li><li>Un v\u00e9hicule de luxe, propre et entretenu, pour un voyage d\u2019exception en toute s\u00e9curit\u00e9.<\/li><\/ul>\n\n\n\n<p class=\"wp-block-paragraph\">A bient\u00f4t pour un voyage !<\/p>\n\n\n<div class=\"sparkle_call_to_action clearfix left\"><div class=\"sparkle_call_to_action_content\">Nous restons \u00e0 votre de disposition pour une demande de prix, des informations. R\u00e9servez par t\u00e9l\u00e9phone et fixez-nous la date et l&rsquo;heure de d\u00e9part.<\/div><a href=\"https:\/\/transportprive.ch\/index.php\/reservation\/\" class=\"sparkle_call_to_action_button\">R\u00e9servez<\/a><\/div>","protected":false},"excerpt":{"rendered":"<p>Votre Chauffeur priv\u00e9 Transport Priv\u00e9 vous propose les services &nbsp;d\u2019un chauffeur VTC ind\u00e9pendant, op\u00e9rant entre la Riviera &#8211; Lausanne &#8211; La C\u00f4te et Gen\u00e8ve A\u00e9roport. Toujours disponible avec un v\u00e9hicule de qualit\u00e9, propre et bien entretenu. Les clients sont les premiers satisfaits, toujours! Et un client satisfait est le but du service propos\u00e9. Chauffeur professionnel&#8230;<\/p>\n","protected":false},"author":2,"featured_media":2580,"parent":0,"menu_order":0,"comment_status":"closed","ping_status":"closed","template":"","meta":{"footnotes":""},"class_list":["post-2462","page","type-page","status-publish","has-post-thumbnail","hentry"],"yoast_head":"<!-- This site is optimized with the Yoast SEO plugin v28.3 - https:\/\/yoast.com\/product\/yoast-seo-wordpress\/ -->\n<title>A propos -<\/title>\n<meta name=\"robots\" content=\"index, follow, max-snippet:-1, max-image-preview:large, max-video-preview:-1\" \/>\n<link rel=\"canonical\" href=\"https:\/\/transportprive.ch\/index.php\/a-propos\/\" \/>\n<meta property=\"og:locale\" content=\"fr_FR\" \/>\n<meta property=\"og:type\" content=\"article\" \/>\n<meta property=\"og:title\" content=\"A propos -\" \/>\n<meta property=\"og:url\" content=\"https:\/\/transportprive.ch\/index.php\/a-propos\/\" \/>\n<meta property=\"article:modified_time\" content=\"2019-04-20T23:22:05+00:00\" \/>\n<meta property=\"og:image\" content=\"https:\/\/transportprive.ch\/wp-content\/uploads\/2019\/04\/IMG_0023.jpg\" \/>\n\t<meta property=\"og:image:width\" content=\"1024\" \/>\n\t<meta property=\"og:image:height\" content=\"624\" \/>\n\t<meta property=\"og:image:type\" content=\"image\/jpeg\" \/>\n<meta name=\"twitter:card\" content=\"summary_large_image\" \/>\n<meta name=\"twitter:label1\" content=\"Dur\u00e9e de lecture estim\u00e9e\" \/>\n\t<meta name=\"twitter:data1\" content=\"1 minute\" \/>\n<script type=\"application\/ld+json\" class=\"yoast-schema-graph\">{\"@context\":\"https:\\\/\\\/schema.org\",\"@graph\":[{\"@type\":\"WebPage\",\"@id\":\"https:\\\/\\\/transportprive.ch\\\/index.php\\\/a-propos\\\/\",\"url\":\"https:\\\/\\\/transportprive.ch\\\/index.php\\\/a-propos\\\/\",\"name\":\"A propos -\",\"isPartOf\":{\"@id\":\"https:\\\/\\\/transportprive.ch\\\/#website\"},\"primaryImageOfPage\":{\"@id\":\"https:\\\/\\\/transportprive.ch\\\/index.php\\\/a-propos\\\/#primaryimage\"},\"image\":{\"@id\":\"https:\\\/\\\/transportprive.ch\\\/index.php\\\/a-propos\\\/#primaryimage\"},\"thumbnailUrl\":\"https:\\\/\\\/transportprive.ch\\\/wp-content\\\/uploads\\\/2019\\\/04\\\/IMG_0023.jpg\",\"datePublished\":\"2019-04-20T13:47:40+00:00\",\"dateModified\":\"2019-04-20T23:22:05+00:00\",\"breadcrumb\":{\"@id\":\"https:\\\/\\\/transportprive.ch\\\/index.php\\\/a-propos\\\/#breadcrumb\"},\"inLanguage\":\"fr-FR\",\"potentialAction\":[{\"@type\":\"ReadAction\",\"target\":[\"https:\\\/\\\/transportprive.ch\\\/index.php\\\/a-propos\\\/\"]}]},{\"@type\":\"ImageObject\",\"inLanguage\":\"fr-FR\",\"@id\":\"https:\\\/\\\/transportprive.ch\\\/index.php\\\/a-propos\\\/#primaryimage\",\"url\":\"https:\\\/\\\/transportprive.ch\\\/wp-content\\\/uploads\\\/2019\\\/04\\\/IMG_0023.jpg\",\"contentUrl\":\"https:\\\/\\\/transportprive.ch\\\/wp-content\\\/uploads\\\/2019\\\/04\\\/IMG_0023.jpg\",\"width\":1024,\"height\":624},{\"@type\":\"BreadcrumbList\",\"@id\":\"https:\\\/\\\/transportprive.ch\\\/index.php\\\/a-propos\\\/#breadcrumb\",\"itemListElement\":[{\"@type\":\"ListItem\",\"position\":1,\"name\":\"Accueil\",\"item\":\"https:\\\/\\\/transportprive.ch\\\/\"},{\"@type\":\"ListItem\",\"position\":2,\"name\":\"A propos\"}]},{\"@type\":\"WebSite\",\"@id\":\"https:\\\/\\\/transportprive.ch\\\/#website\",\"url\":\"https:\\\/\\\/transportprive.ch\\\/\",\"name\":\"Transport priv\u00e9\",\"description\":\"Chauffeur priv\u00e9 \u00e0 votre service Lausanne et r\u00e9gion.\",\"publisher\":{\"@id\":\"https:\\\/\\\/transportprive.ch\\\/#organization\"},\"alternateName\":\"transportprive.ch\",\"potentialAction\":[{\"@type\":\"SearchAction\",\"target\":{\"@type\":\"EntryPoint\",\"urlTemplate\":\"https:\\\/\\\/transportprive.ch\\\/?s={search_term_string}\"},\"query-input\":{\"@type\":\"PropertyValueSpecification\",\"valueRequired\":true,\"valueName\":\"search_term_string\"}}],\"inLanguage\":\"fr-FR\"},{\"@type\":\"Organization\",\"@id\":\"https:\\\/\\\/transportprive.ch\\\/#organization\",\"name\":\"Chauffeur priv\u00e9 professionnel\",\"alternateName\":\"Transport priv\u00e9\",\"url\":\"https:\\\/\\\/transportprive.ch\\\/\",\"logo\":{\"@type\":\"ImageObject\",\"inLanguage\":\"fr-FR\",\"@id\":\"https:\\\/\\\/transportprive.ch\\\/#\\\/schema\\\/logo\\\/image\\\/\",\"url\":\"https:\\\/\\\/transportprive.ch\\\/wp-content\\\/uploads\\\/2023\\\/02\\\/cropped-logo-tp.png\",\"contentUrl\":\"https:\\\/\\\/transportprive.ch\\\/wp-content\\\/uploads\\\/2023\\\/02\\\/cropped-logo-tp.png\",\"width\":240,\"height\":90,\"caption\":\"Chauffeur priv\u00e9 professionnel\"},\"image\":{\"@id\":\"https:\\\/\\\/transportprive.ch\\\/#\\\/schema\\\/logo\\\/image\\\/\"}}]}<\/script>\n<!-- \/ Yoast SEO plugin. -->","yoast_head_json":{"title":"A propos -","robots":{"index":"index","follow":"follow","max-snippet":"max-snippet:-1","max-image-preview":"max-image-preview:large","max-video-preview":"max-video-preview:-1"},"canonical":"https:\/\/transportprive.ch\/index.php\/a-propos\/","og_locale":"fr_FR","og_type":"article","og_title":"A propos -","og_url":"https:\/\/transportprive.ch\/index.php\/a-propos\/","article_modified_time":"2019-04-20T23:22:05+00:00","og_image":[{"width":1024,"height":624,"url":"https:\/\/transportprive.ch\/wp-content\/uploads\/2019\/04\/IMG_0023.jpg","type":"image\/jpeg"}],"twitter_card":"summary_large_image","twitter_misc":{"Dur\u00e9e de lecture estim\u00e9e":"1 minute"},"schema":{"@context":"https:\/\/schema.org","@graph":[{"@type":"WebPage","@id":"https:\/\/transportprive.ch\/index.php\/a-propos\/","url":"https:\/\/transportprive.ch\/index.php\/a-propos\/","name":"A propos -","isPartOf":{"@id":"https:\/\/transportprive.ch\/#website"},"primaryImageOfPage":{"@id":"https:\/\/transportprive.ch\/index.php\/a-propos\/#primaryimage"},"image":{"@id":"https:\/\/transportprive.ch\/index.php\/a-propos\/#primaryimage"},"thumbnailUrl":"https:\/\/transportprive.ch\/wp-content\/uploads\/2019\/04\/IMG_0023.jpg","datePublished":"2019-04-20T13:47:40+00:00","dateModified":"2019-04-20T23:22:05+00:00","breadcrumb":{"@id":"https:\/\/transportprive.ch\/index.php\/a-propos\/#breadcrumb"},"inLanguage":"fr-FR","potentialAction":[{"@type":"ReadAction","target":["https:\/\/transportprive.ch\/index.php\/a-propos\/"]}]},{"@type":"ImageObject","inLanguage":"fr-FR","@id":"https:\/\/transportprive.ch\/index.php\/a-propos\/#primaryimage","url":"https:\/\/transportprive.ch\/wp-content\/uploads\/2019\/04\/IMG_0023.jpg","contentUrl":"https:\/\/transportprive.ch\/wp-content\/uploads\/2019\/04\/IMG_0023.jpg","width":1024,"height":624},{"@type":"BreadcrumbList","@id":"https:\/\/transportprive.ch\/index.php\/a-propos\/#breadcrumb","itemListElement":[{"@type":"ListItem","position":1,"name":"Accueil","item":"https:\/\/transportprive.ch\/"},{"@type":"ListItem","position":2,"name":"A propos"}]},{"@type":"WebSite","@id":"https:\/\/transportprive.ch\/#website","url":"https:\/\/transportprive.ch\/","name":"Transport priv\u00e9","description":"Chauffeur priv\u00e9 \u00e0 votre service Lausanne et r\u00e9gion.","publisher":{"@id":"https:\/\/transportprive.ch\/#organization"},"alternateName":"transportprive.ch","potentialAction":[{"@type":"SearchAction","target":{"@type":"EntryPoint","urlTemplate":"https:\/\/transportprive.ch\/?s={search_term_string}"},"query-input":{"@type":"PropertyValueSpecification","valueRequired":true,"valueName":"search_term_string"}}],"inLanguage":"fr-FR"},{"@type":"Organization","@id":"https:\/\/transportprive.ch\/#organization","name":"Chauffeur priv\u00e9 professionnel","alternateName":"Transport priv\u00e9","url":"https:\/\/transportprive.ch\/","logo":{"@type":"ImageObject","inLanguage":"fr-FR","@id":"https:\/\/transportprive.ch\/#\/schema\/logo\/image\/","url":"https:\/\/transportprive.ch\/wp-content\/uploads\/2023\/02\/cropped-logo-tp.png","contentUrl":"https:\/\/transportprive.ch\/wp-content\/uploads\/2023\/02\/cropped-logo-tp.png","width":240,"height":90,"caption":"Chauffeur priv\u00e9 professionnel"},"image":{"@id":"https:\/\/transportprive.ch\/#\/schema\/logo\/image\/"}}]}},"_links":{"self":[{"href":"https:\/\/transportprive.ch\/index.php\/wp-json\/wp\/v2\/pages\/2462","targetHints":{"allow":["GET"]}}],"collection":[{"href":"https:\/\/transportprive.ch\/index.php\/wp-json\/wp\/v2\/pages"}],"about":[{"href":"https:\/\/transportprive.ch\/index.php\/wp-json\/wp\/v2\/types\/page"}],"author":[{"embeddable":true,"href":"https:\/\/transportprive.ch\/index.php\/wp-json\/wp\/v2\/users\/2"}],"replies":[{"embeddable":true,"href":"https:\/\/transportprive.ch\/index.php\/wp-json\/wp\/v2\/comments?post=2462"}],"version-history":[{"count":5,"href":"https:\/\/transportprive.ch\/index.php\/wp-json\/wp\/v2\/pages\/2462\/revisions"}],"predecessor-version":[{"id":2581,"href":"https:\/\/transportprive.ch\/index.php\/wp-json\/wp\/v2\/pages\/2462\/revisions\/2581"}],"wp:featuredmedia":[{"embeddable":true,"href":"https:\/\/transportprive.ch\/index.php\/wp-json\/wp\/v2\/media\/2580"}],"wp:attachment":[{"href":"https:\/\/transportprive.ch\/index.php\/wp-json\/wp\/v2\/media?parent=2462"}],"curies":[{"name":"wp","href":"https:\/\/api.w.org\/{rel}","templated":true}]}}