{"id":92,"date":"2018-02-06T08:39:11","date_gmt":"2018-02-06T08:39:11","guid":{"rendered":"http:\/\/demo.sparklewpthemes.com\/kingcabspro\/?page_id=92"},"modified":"2019-04-20T22:32:37","modified_gmt":"2019-04-20T22:32:37","slug":"tarifs","status":"publish","type":"page","link":"https:\/\/transportprive.ch\/index.php\/tarifs\/","title":{"rendered":"Tarifs"},"content":{"rendered":"\n<h2 class=\"wp-block-heading\"><strong>Nos prix selon votre destination<\/strong><\/h2>\n\n\n<p>Une s\u00e9lection de tarifs par forfaits pour les trajets les plus demand\u00e9s<\/p>\n\n\n<h2 class=\"wp-block-heading\"><strong>Tarifs par forfait<\/strong><\/h2>\n\n\n\n<div class=\"col-xs-12 col-sm-12 col-md-12 col-lg-12\"> <table class=\"table table-striped\"> <thead> <tr> <th>Ville de d\u00e9part<\/th> <th>Destination<\/th> <th>Prix TTC<\/th> <\/tr> <\/thead> <tbody> <tr> <td>Nyon<\/td> <td>Gen\u00e8ve A\u00e9roport<\/td> <td>CHF 85.00<\/td> <\/tr> <tr> <td>Gland<\/td> <td>Gen\u00e8ve A\u00e9roport<\/td> <td>CHF 105.00<\/td> <\/tr> <tr> <td>Rolle<\/td> <td>Gen\u00e8ve A\u00e9roport<\/td> <td>CHF 130.00<\/td> <\/tr> <\/tbody> <\/table> <\/div>\n\n\n\n<h2 class=\"wp-block-heading\"><strong>Autres destinations<\/strong><\/h2>\n\n\n\n<div class=\"col-xs-12 col-sm-12 col-md-12 col-lg-12\"> <table class=\"table table-striped\"> <thead> <tr> <th>Ville de d\u00e9part<\/th> <th>Ville d&rsquo;arriv\u00e9e<\/th> <th>Prix TTC<\/th> <\/tr> <\/thead> <tbody> <tr> <td>Nyon<\/td> <td>Vevey<\/td> <td>CHF 210.00<\/td> <\/tr> <tr> <td>Nyon<\/td> <td>Montreux<\/td> <td>CHF 255.00<\/td> <\/tr> <tr> <td>Gen\u00e8ve A\u00e9roport<\/td> <td>Verbier<\/td> <td>CHF 375.00<\/td> <\/tr> <tr> <td>Gen\u00e8ve A\u00e9roport<\/td> <td>Gstaad<\/td> <td>CHF 450.00<\/td> <\/tr> <tr> <td>Gen\u00e8ve A\u00e9roport<\/td> <td>Les Diablerets<\/td> <td>CHF 270.00<\/td> <\/tr> <tr> <td>Gen\u00e8ve A\u00e9roport<\/td> <td>Crans Montana<\/td> <td>CHF 350.00<\/td> <\/tr> <tr> <td>Gen\u00e8ve A\u00e9roport<\/td> <td>Zermatt<\/td> <td>CHF 475.00<\/td> <\/tr> <\/tbody> <\/table> <\/div>\n\n\n<p>\u00a0<\/p>\n<div class=\"sparkle_call_to_action clearfix left\"><div class=\"sparkle_call_to_action_content\">Nous restons \u00e0 votre de disposition pour une demande de prix, des informations. R\u00e9servez par t\u00e9l\u00e9phone et fixez-nous la date et l&rsquo;heure de d\u00e9part.<\/div><a href=\"https:\/\/transportprive.ch\/index.php\/reservation\/\" class=\"sparkle_call_to_action_button\">R\u00e9servez<\/a><\/div>","protected":false},"excerpt":{"rendered":"<p>Nos prix selon votre destination Une s\u00e9lection de tarifs par forfaits pour les trajets les plus demand\u00e9s Tarifs par forfait Ville de d\u00e9part Destination Prix TTC Nyon Gen\u00e8ve A\u00e9roport CHF 85.00 Gland Gen\u00e8ve A\u00e9roport CHF 105.00 Rolle Gen\u00e8ve A\u00e9roport CHF 130.00 Autres destinations Ville de d\u00e9part Ville d&rsquo;arriv\u00e9e Prix TTC Nyon Vevey CHF 210.00 Nyon&#8230;<\/p>\n","protected":false},"author":2,"featured_media":0,"parent":0,"menu_order":0,"comment_status":"closed","ping_status":"closed","template":"","meta":{"footnotes":""},"class_list":["post-92","page","type-page","status-publish","hentry"],"yoast_head":"<!-- This site is optimized with the Yoast SEO plugin v28.3 - https:\/\/yoast.com\/product\/yoast-seo-wordpress\/ -->\n<title>Tarifs -<\/title>\n<meta name=\"robots\" content=\"index, follow, max-snippet:-1, max-image-preview:large, max-video-preview:-1\" \/>\n<link rel=\"canonical\" href=\"https:\/\/transportprive.ch\/index.php\/tarifs\/\" \/>\n<meta property=\"og:locale\" content=\"fr_FR\" \/>\n<meta property=\"og:type\" content=\"article\" \/>\n<meta property=\"og:title\" content=\"Tarifs -\" \/>\n<meta property=\"og:url\" content=\"https:\/\/transportprive.ch\/index.php\/tarifs\/\" \/>\n<meta property=\"article:modified_time\" content=\"2019-04-20T22:32:37+00:00\" \/>\n<meta name=\"twitter:card\" content=\"summary_large_image\" \/>\n<meta name=\"twitter:label1\" content=\"Dur\u00e9e de lecture estim\u00e9e\" \/>\n\t<meta name=\"twitter:data1\" content=\"1 minute\" \/>\n<script type=\"application\/ld+json\" class=\"yoast-schema-graph\">{\"@context\":\"https:\\\/\\\/schema.org\",\"@graph\":[{\"@type\":\"WebPage\",\"@id\":\"https:\\\/\\\/transportprive.ch\\\/index.php\\\/tarifs\\\/\",\"url\":\"https:\\\/\\\/transportprive.ch\\\/index.php\\\/tarifs\\\/\",\"name\":\"Tarifs -\",\"isPartOf\":{\"@id\":\"https:\\\/\\\/transportprive.ch\\\/#website\"},\"datePublished\":\"2018-02-06T08:39:11+00:00\",\"dateModified\":\"2019-04-20T22:32:37+00:00\",\"breadcrumb\":{\"@id\":\"https:\\\/\\\/transportprive.ch\\\/index.php\\\/tarifs\\\/#breadcrumb\"},\"inLanguage\":\"fr-FR\",\"potentialAction\":[{\"@type\":\"ReadAction\",\"target\":[\"https:\\\/\\\/transportprive.ch\\\/index.php\\\/tarifs\\\/\"]}]},{\"@type\":\"BreadcrumbList\",\"@id\":\"https:\\\/\\\/transportprive.ch\\\/index.php\\\/tarifs\\\/#breadcrumb\",\"itemListElement\":[{\"@type\":\"ListItem\",\"position\":1,\"name\":\"Accueil\",\"item\":\"https:\\\/\\\/transportprive.ch\\\/\"},{\"@type\":\"ListItem\",\"position\":2,\"name\":\"Tarifs\"}]},{\"@type\":\"WebSite\",\"@id\":\"https:\\\/\\\/transportprive.ch\\\/#website\",\"url\":\"https:\\\/\\\/transportprive.ch\\\/\",\"name\":\"Transport priv\u00e9\",\"description\":\"Chauffeur priv\u00e9 \u00e0 votre service Lausanne et r\u00e9gion.\",\"publisher\":{\"@id\":\"https:\\\/\\\/transportprive.ch\\\/#organization\"},\"alternateName\":\"transportprive.ch\",\"potentialAction\":[{\"@type\":\"SearchAction\",\"target\":{\"@type\":\"EntryPoint\",\"urlTemplate\":\"https:\\\/\\\/transportprive.ch\\\/?s={search_term_string}\"},\"query-input\":{\"@type\":\"PropertyValueSpecification\",\"valueRequired\":true,\"valueName\":\"search_term_string\"}}],\"inLanguage\":\"fr-FR\"},{\"@type\":\"Organization\",\"@id\":\"https:\\\/\\\/transportprive.ch\\\/#organization\",\"name\":\"Chauffeur priv\u00e9 professionnel\",\"alternateName\":\"Transport priv\u00e9\",\"url\":\"https:\\\/\\\/transportprive.ch\\\/\",\"logo\":{\"@type\":\"ImageObject\",\"inLanguage\":\"fr-FR\",\"@id\":\"https:\\\/\\\/transportprive.ch\\\/#\\\/schema\\\/logo\\\/image\\\/\",\"url\":\"https:\\\/\\\/transportprive.ch\\\/wp-content\\\/uploads\\\/2023\\\/02\\\/cropped-logo-tp.png\",\"contentUrl\":\"https:\\\/\\\/transportprive.ch\\\/wp-content\\\/uploads\\\/2023\\\/02\\\/cropped-logo-tp.png\",\"width\":240,\"height\":90,\"caption\":\"Chauffeur priv\u00e9 professionnel\"},\"image\":{\"@id\":\"https:\\\/\\\/transportprive.ch\\\/#\\\/schema\\\/logo\\\/image\\\/\"}}]}<\/script>\n<!-- \/ Yoast SEO plugin. -->","yoast_head_json":{"title":"Tarifs -","robots":{"index":"index","follow":"follow","max-snippet":"max-snippet:-1","max-image-preview":"max-image-preview:large","max-video-preview":"max-video-preview:-1"},"canonical":"https:\/\/transportprive.ch\/index.php\/tarifs\/","og_locale":"fr_FR","og_type":"article","og_title":"Tarifs -","og_url":"https:\/\/transportprive.ch\/index.php\/tarifs\/","article_modified_time":"2019-04-20T22:32:37+00:00","twitter_card":"summary_large_image","twitter_misc":{"Dur\u00e9e de lecture estim\u00e9e":"1 minute"},"schema":{"@context":"https:\/\/schema.org","@graph":[{"@type":"WebPage","@id":"https:\/\/transportprive.ch\/index.php\/tarifs\/","url":"https:\/\/transportprive.ch\/index.php\/tarifs\/","name":"Tarifs -","isPartOf":{"@id":"https:\/\/transportprive.ch\/#website"},"datePublished":"2018-02-06T08:39:11+00:00","dateModified":"2019-04-20T22:32:37+00:00","breadcrumb":{"@id":"https:\/\/transportprive.ch\/index.php\/tarifs\/#breadcrumb"},"inLanguage":"fr-FR","potentialAction":[{"@type":"ReadAction","target":["https:\/\/transportprive.ch\/index.php\/tarifs\/"]}]},{"@type":"BreadcrumbList","@id":"https:\/\/transportprive.ch\/index.php\/tarifs\/#breadcrumb","itemListElement":[{"@type":"ListItem","position":1,"name":"Accueil","item":"https:\/\/transportprive.ch\/"},{"@type":"ListItem","position":2,"name":"Tarifs"}]},{"@type":"WebSite","@id":"https:\/\/transportprive.ch\/#website","url":"https:\/\/transportprive.ch\/","name":"Transport priv\u00e9","description":"Chauffeur priv\u00e9 \u00e0 votre service Lausanne et r\u00e9gion.","publisher":{"@id":"https:\/\/transportprive.ch\/#organization"},"alternateName":"transportprive.ch","potentialAction":[{"@type":"SearchAction","target":{"@type":"EntryPoint","urlTemplate":"https:\/\/transportprive.ch\/?s={search_term_string}"},"query-input":{"@type":"PropertyValueSpecification","valueRequired":true,"valueName":"search_term_string"}}],"inLanguage":"fr-FR"},{"@type":"Organization","@id":"https:\/\/transportprive.ch\/#organization","name":"Chauffeur priv\u00e9 professionnel","alternateName":"Transport priv\u00e9","url":"https:\/\/transportprive.ch\/","logo":{"@type":"ImageObject","inLanguage":"fr-FR","@id":"https:\/\/transportprive.ch\/#\/schema\/logo\/image\/","url":"https:\/\/transportprive.ch\/wp-content\/uploads\/2023\/02\/cropped-logo-tp.png","contentUrl":"https:\/\/transportprive.ch\/wp-content\/uploads\/2023\/02\/cropped-logo-tp.png","width":240,"height":90,"caption":"Chauffeur priv\u00e9 professionnel"},"image":{"@id":"https:\/\/transportprive.ch\/#\/schema\/logo\/image\/"}}]}},"_links":{"self":[{"href":"https:\/\/transportprive.ch\/index.php\/wp-json\/wp\/v2\/pages\/92","targetHints":{"allow":["GET"]}}],"collection":[{"href":"https:\/\/transportprive.ch\/index.php\/wp-json\/wp\/v2\/pages"}],"about":[{"href":"https:\/\/transportprive.ch\/index.php\/wp-json\/wp\/v2\/types\/page"}],"author":[{"embeddable":true,"href":"https:\/\/transportprive.ch\/index.php\/wp-json\/wp\/v2\/users\/2"}],"replies":[{"embeddable":true,"href":"https:\/\/transportprive.ch\/index.php\/wp-json\/wp\/v2\/comments?post=92"}],"version-history":[{"count":15,"href":"https:\/\/transportprive.ch\/index.php\/wp-json\/wp\/v2\/pages\/92\/revisions"}],"predecessor-version":[{"id":2574,"href":"https:\/\/transportprive.ch\/index.php\/wp-json\/wp\/v2\/pages\/92\/revisions\/2574"}],"wp:attachment":[{"href":"https:\/\/transportprive.ch\/index.php\/wp-json\/wp\/v2\/media?parent=92"}],"curies":[{"name":"wp","href":"https:\/\/api.w.org\/{rel}","templated":true}]}}