{"id":96,"date":"2018-02-06T08:40:29","date_gmt":"2018-02-06T08:40:29","guid":{"rendered":"http:\/\/demo.sparklewpthemes.com\/kingcabspro\/?page_id=96"},"modified":"2019-04-21T00:00:19","modified_gmt":"2019-04-21T00:00:19","slug":"transferts-genveve-aeroport","status":"publish","type":"page","link":"https:\/\/transportprive.ch\/index.php\/transferts-genveve-aeroport\/","title":{"rendered":"Transferts Gen\u00e8ve a\u00e9roport"},"content":{"rendered":"\n<h2 class=\"wp-block-heading\"><strong>Transferts aller et retour tous les jours<\/strong><\/h2>\n\n\n<p>Pour vous permettre d\u2019atteindre votre destination de r\u00eave nos services vous transportent depuis chez vous jusqu\u2019au terminal Maritime ou A\u00e9roportuaire de votre choix.<\/p>\n<p>Pour votre retour nous vous attendons \u00a0avec un panneau de Bienvenue personnalis\u00e9. Nous vous ramenons chez vous en toute tranquillit\u00e9.<\/p>\n\n<div class=\"sparkle_call_to_action clearfix left\"><div class=\"sparkle_call_to_action_content\">Nous restons \u00e0 votre de disposition pour une demande de prix, des informations. R\u00e9servez par t\u00e9l\u00e9phone et fixez-nous la date et l&rsquo;heure de d\u00e9part.<\/div><a href=\"https:\/\/transportprive.ch\/index.php\/reservation\/\" class=\"sparkle_call_to_action_button\">R\u00e9servez<\/a><\/div>","protected":false},"excerpt":{"rendered":"<p>Transferts aller et retour tous les jours Pour vous permettre d\u2019atteindre votre destination de r\u00eave nos services vous transportent depuis chez vous jusqu\u2019au terminal Maritime ou A\u00e9roportuaire de votre choix. Pour votre retour nous vous attendons \u00a0avec un panneau de Bienvenue personnalis\u00e9. Nous vous ramenons chez vous en toute tranquillit\u00e9.<\/p>\n","protected":false},"author":2,"featured_media":127,"parent":0,"menu_order":0,"comment_status":"closed","ping_status":"closed","template":"","meta":{"footnotes":""},"class_list":["post-96","page","type-page","status-publish","has-post-thumbnail","hentry"],"yoast_head":"<!-- This site is optimized with the Yoast SEO plugin v28.3 - https:\/\/yoast.com\/product\/yoast-seo-wordpress\/ -->\n<title>Transferts Gen\u00e8ve a\u00e9roport -<\/title>\n<meta name=\"robots\" content=\"index, follow, max-snippet:-1, max-image-preview:large, max-video-preview:-1\" \/>\n<link rel=\"canonical\" href=\"https:\/\/transportprive.ch\/index.php\/transferts-genveve-aeroport\/\" \/>\n<meta property=\"og:locale\" content=\"fr_FR\" \/>\n<meta property=\"og:type\" content=\"article\" \/>\n<meta property=\"og:title\" content=\"Transferts Gen\u00e8ve a\u00e9roport -\" \/>\n<meta property=\"og:url\" content=\"https:\/\/transportprive.ch\/index.php\/transferts-genveve-aeroport\/\" \/>\n<meta property=\"article:modified_time\" content=\"2019-04-21T00:00:19+00:00\" \/>\n<meta property=\"og:image\" content=\"https:\/\/transportprive.ch\/wp-content\/uploads\/2018\/02\/pexels-photo-723240.jpeg\" \/>\n\t<meta property=\"og:image:width\" content=\"1920\" \/>\n\t<meta property=\"og:image:height\" content=\"1080\" \/>\n\t<meta property=\"og:image:type\" content=\"image\/jpeg\" \/>\n<meta name=\"twitter:card\" content=\"summary_large_image\" \/>\n<meta name=\"twitter:label1\" content=\"Dur\u00e9e de lecture estim\u00e9e\" \/>\n\t<meta name=\"twitter:data1\" content=\"1 minute\" \/>\n<script type=\"application\/ld+json\" class=\"yoast-schema-graph\">{\"@context\":\"https:\\\/\\\/schema.org\",\"@graph\":[{\"@type\":\"WebPage\",\"@id\":\"https:\\\/\\\/transportprive.ch\\\/index.php\\\/transferts-genveve-aeroport\\\/\",\"url\":\"https:\\\/\\\/transportprive.ch\\\/index.php\\\/transferts-genveve-aeroport\\\/\",\"name\":\"Transferts Gen\u00e8ve a\u00e9roport -\",\"isPartOf\":{\"@id\":\"https:\\\/\\\/transportprive.ch\\\/#website\"},\"primaryImageOfPage\":{\"@id\":\"https:\\\/\\\/transportprive.ch\\\/index.php\\\/transferts-genveve-aeroport\\\/#primaryimage\"},\"image\":{\"@id\":\"https:\\\/\\\/transportprive.ch\\\/index.php\\\/transferts-genveve-aeroport\\\/#primaryimage\"},\"thumbnailUrl\":\"https:\\\/\\\/transportprive.ch\\\/wp-content\\\/uploads\\\/2018\\\/02\\\/pexels-photo-723240.jpeg\",\"datePublished\":\"2018-02-06T08:40:29+00:00\",\"dateModified\":\"2019-04-21T00:00:19+00:00\",\"breadcrumb\":{\"@id\":\"https:\\\/\\\/transportprive.ch\\\/index.php\\\/transferts-genveve-aeroport\\\/#breadcrumb\"},\"inLanguage\":\"fr-FR\",\"potentialAction\":[{\"@type\":\"ReadAction\",\"target\":[\"https:\\\/\\\/transportprive.ch\\\/index.php\\\/transferts-genveve-aeroport\\\/\"]}]},{\"@type\":\"ImageObject\",\"inLanguage\":\"fr-FR\",\"@id\":\"https:\\\/\\\/transportprive.ch\\\/index.php\\\/transferts-genveve-aeroport\\\/#primaryimage\",\"url\":\"https:\\\/\\\/transportprive.ch\\\/wp-content\\\/uploads\\\/2018\\\/02\\\/pexels-photo-723240.jpeg\",\"contentUrl\":\"https:\\\/\\\/transportprive.ch\\\/wp-content\\\/uploads\\\/2018\\\/02\\\/pexels-photo-723240.jpeg\",\"width\":1920,\"height\":1080},{\"@type\":\"BreadcrumbList\",\"@id\":\"https:\\\/\\\/transportprive.ch\\\/index.php\\\/transferts-genveve-aeroport\\\/#breadcrumb\",\"itemListElement\":[{\"@type\":\"ListItem\",\"position\":1,\"name\":\"Accueil\",\"item\":\"https:\\\/\\\/transportprive.ch\\\/\"},{\"@type\":\"ListItem\",\"position\":2,\"name\":\"Transferts Gen\u00e8ve a\u00e9roport\"}]},{\"@type\":\"WebSite\",\"@id\":\"https:\\\/\\\/transportprive.ch\\\/#website\",\"url\":\"https:\\\/\\\/transportprive.ch\\\/\",\"name\":\"Transport priv\u00e9\",\"description\":\"Chauffeur priv\u00e9 \u00e0 votre service Lausanne et r\u00e9gion.\",\"publisher\":{\"@id\":\"https:\\\/\\\/transportprive.ch\\\/#organization\"},\"alternateName\":\"transportprive.ch\",\"potentialAction\":[{\"@type\":\"SearchAction\",\"target\":{\"@type\":\"EntryPoint\",\"urlTemplate\":\"https:\\\/\\\/transportprive.ch\\\/?s={search_term_string}\"},\"query-input\":{\"@type\":\"PropertyValueSpecification\",\"valueRequired\":true,\"valueName\":\"search_term_string\"}}],\"inLanguage\":\"fr-FR\"},{\"@type\":\"Organization\",\"@id\":\"https:\\\/\\\/transportprive.ch\\\/#organization\",\"name\":\"Chauffeur priv\u00e9 professionnel\",\"alternateName\":\"Transport priv\u00e9\",\"url\":\"https:\\\/\\\/transportprive.ch\\\/\",\"logo\":{\"@type\":\"ImageObject\",\"inLanguage\":\"fr-FR\",\"@id\":\"https:\\\/\\\/transportprive.ch\\\/#\\\/schema\\\/logo\\\/image\\\/\",\"url\":\"https:\\\/\\\/transportprive.ch\\\/wp-content\\\/uploads\\\/2023\\\/02\\\/cropped-logo-tp.png\",\"contentUrl\":\"https:\\\/\\\/transportprive.ch\\\/wp-content\\\/uploads\\\/2023\\\/02\\\/cropped-logo-tp.png\",\"width\":240,\"height\":90,\"caption\":\"Chauffeur priv\u00e9 professionnel\"},\"image\":{\"@id\":\"https:\\\/\\\/transportprive.ch\\\/#\\\/schema\\\/logo\\\/image\\\/\"}}]}<\/script>\n<!-- \/ Yoast SEO plugin. -->","yoast_head_json":{"title":"Transferts Gen\u00e8ve a\u00e9roport -","robots":{"index":"index","follow":"follow","max-snippet":"max-snippet:-1","max-image-preview":"max-image-preview:large","max-video-preview":"max-video-preview:-1"},"canonical":"https:\/\/transportprive.ch\/index.php\/transferts-genveve-aeroport\/","og_locale":"fr_FR","og_type":"article","og_title":"Transferts Gen\u00e8ve a\u00e9roport -","og_url":"https:\/\/transportprive.ch\/index.php\/transferts-genveve-aeroport\/","article_modified_time":"2019-04-21T00:00:19+00:00","og_image":[{"width":1920,"height":1080,"url":"https:\/\/transportprive.ch\/wp-content\/uploads\/2018\/02\/pexels-photo-723240.jpeg","type":"image\/jpeg"}],"twitter_card":"summary_large_image","twitter_misc":{"Dur\u00e9e de lecture estim\u00e9e":"1 minute"},"schema":{"@context":"https:\/\/schema.org","@graph":[{"@type":"WebPage","@id":"https:\/\/transportprive.ch\/index.php\/transferts-genveve-aeroport\/","url":"https:\/\/transportprive.ch\/index.php\/transferts-genveve-aeroport\/","name":"Transferts Gen\u00e8ve a\u00e9roport -","isPartOf":{"@id":"https:\/\/transportprive.ch\/#website"},"primaryImageOfPage":{"@id":"https:\/\/transportprive.ch\/index.php\/transferts-genveve-aeroport\/#primaryimage"},"image":{"@id":"https:\/\/transportprive.ch\/index.php\/transferts-genveve-aeroport\/#primaryimage"},"thumbnailUrl":"https:\/\/transportprive.ch\/wp-content\/uploads\/2018\/02\/pexels-photo-723240.jpeg","datePublished":"2018-02-06T08:40:29+00:00","dateModified":"2019-04-21T00:00:19+00:00","breadcrumb":{"@id":"https:\/\/transportprive.ch\/index.php\/transferts-genveve-aeroport\/#breadcrumb"},"inLanguage":"fr-FR","potentialAction":[{"@type":"ReadAction","target":["https:\/\/transportprive.ch\/index.php\/transferts-genveve-aeroport\/"]}]},{"@type":"ImageObject","inLanguage":"fr-FR","@id":"https:\/\/transportprive.ch\/index.php\/transferts-genveve-aeroport\/#primaryimage","url":"https:\/\/transportprive.ch\/wp-content\/uploads\/2018\/02\/pexels-photo-723240.jpeg","contentUrl":"https:\/\/transportprive.ch\/wp-content\/uploads\/2018\/02\/pexels-photo-723240.jpeg","width":1920,"height":1080},{"@type":"BreadcrumbList","@id":"https:\/\/transportprive.ch\/index.php\/transferts-genveve-aeroport\/#breadcrumb","itemListElement":[{"@type":"ListItem","position":1,"name":"Accueil","item":"https:\/\/transportprive.ch\/"},{"@type":"ListItem","position":2,"name":"Transferts Gen\u00e8ve a\u00e9roport"}]},{"@type":"WebSite","@id":"https:\/\/transportprive.ch\/#website","url":"https:\/\/transportprive.ch\/","name":"Transport priv\u00e9","description":"Chauffeur priv\u00e9 \u00e0 votre service Lausanne et r\u00e9gion.","publisher":{"@id":"https:\/\/transportprive.ch\/#organization"},"alternateName":"transportprive.ch","potentialAction":[{"@type":"SearchAction","target":{"@type":"EntryPoint","urlTemplate":"https:\/\/transportprive.ch\/?s={search_term_string}"},"query-input":{"@type":"PropertyValueSpecification","valueRequired":true,"valueName":"search_term_string"}}],"inLanguage":"fr-FR"},{"@type":"Organization","@id":"https:\/\/transportprive.ch\/#organization","name":"Chauffeur priv\u00e9 professionnel","alternateName":"Transport priv\u00e9","url":"https:\/\/transportprive.ch\/","logo":{"@type":"ImageObject","inLanguage":"fr-FR","@id":"https:\/\/transportprive.ch\/#\/schema\/logo\/image\/","url":"https:\/\/transportprive.ch\/wp-content\/uploads\/2023\/02\/cropped-logo-tp.png","contentUrl":"https:\/\/transportprive.ch\/wp-content\/uploads\/2023\/02\/cropped-logo-tp.png","width":240,"height":90,"caption":"Chauffeur priv\u00e9 professionnel"},"image":{"@id":"https:\/\/transportprive.ch\/#\/schema\/logo\/image\/"}}]}},"_links":{"self":[{"href":"https:\/\/transportprive.ch\/index.php\/wp-json\/wp\/v2\/pages\/96","targetHints":{"allow":["GET"]}}],"collection":[{"href":"https:\/\/transportprive.ch\/index.php\/wp-json\/wp\/v2\/pages"}],"about":[{"href":"https:\/\/transportprive.ch\/index.php\/wp-json\/wp\/v2\/types\/page"}],"author":[{"embeddable":true,"href":"https:\/\/transportprive.ch\/index.php\/wp-json\/wp\/v2\/users\/2"}],"replies":[{"embeddable":true,"href":"https:\/\/transportprive.ch\/index.php\/wp-json\/wp\/v2\/comments?post=96"}],"version-history":[{"count":4,"href":"https:\/\/transportprive.ch\/index.php\/wp-json\/wp\/v2\/pages\/96\/revisions"}],"predecessor-version":[{"id":2594,"href":"https:\/\/transportprive.ch\/index.php\/wp-json\/wp\/v2\/pages\/96\/revisions\/2594"}],"wp:featuredmedia":[{"embeddable":true,"href":"https:\/\/transportprive.ch\/index.php\/wp-json\/wp\/v2\/media\/127"}],"wp:attachment":[{"href":"https:\/\/transportprive.ch\/index.php\/wp-json\/wp\/v2\/media?parent=96"}],"curies":[{"name":"wp","href":"https:\/\/api.w.org\/{rel}","templated":true}]}}